{"id":54,"date":"2020-11-07T19:33:25","date_gmt":"2020-11-07T19:33:25","guid":{"rendered":"https:\/\/www.wohngenossenschaft-erzenberg.ch\/?page_id=54"},"modified":"2023-03-25T13:35:52","modified_gmt":"2023-03-25T13:35:52","slug":"freiwerdende-wohnung","status":"publish","type":"page","link":"https:\/\/www.wohngenossenschaft-erzenberg.ch\/index.php\/freiwerdende-wohnung\/","title":{"rendered":"Freiwerdende Wohnung Doktorhaus"},"content":{"rendered":"\t\t<div data-elementor-type=\"wp-page\" data-elementor-id=\"54\" class=\"elementor elementor-54\">\n\t\t\t\t\t\t<section class=\"elementor-section elementor-top-section elementor-element elementor-element-78f36fc elementor-section-boxed elementor-section-height-default elementor-section-height-default\" data-id=\"78f36fc\" data-element_type=\"section\" data-e-type=\"section\">\n\t\t\t\t\t\t<div class=\"elementor-container elementor-column-gap-default\">\n\t\t\t\t\t<div class=\"elementor-column elementor-col-100 elementor-top-column elementor-element elementor-element-8767546\" data-id=\"8767546\" data-element_type=\"column\" data-e-type=\"column\">\n\t\t\t<div class=\"elementor-widget-wrap elementor-element-populated\">\n\t\t\t\t\t\t<div class=\"elementor-element elementor-element-3e20cbf elementor-widget elementor-widget-text-editor\" data-id=\"3e20cbf\" data-element_type=\"widget\" data-e-type=\"widget\" data-widget_type=\"text-editor.default\">\n\t\t\t\t<div class=\"elementor-widget-container\">\n\t\t\t\t\t\t\t\t\t<p><strong><span style=\"font-family: 'Arial','sans-serif';\">Freiwerdende Wohnung (voraussichtlich zum 01. Aug 2022)<\/span><\/strong><\/p>\n<p><span style=\"font-family: 'Arial','sans-serif';\">Die Wohnung befindet sich im Erdgeschoss, weist ca. 104 qm Wohnfl\u00e4che (brutto) auf und hat einen 12 qm grossen Wintergarten sowie einen eigenen Sitzplatz zur S\u00fcdseite hin.<\/span><span style=\"font-family: 'Arial','sans-serif';\"> Die folgenden Fotos zeigen die Wohnung im heutigen Zustand mit 3 recht grossen und einem sehr kleinen Zimmer, grosses Wohnzimmer mit \u00d6feli und offener Wohnk\u00fcche, Speisekammer, Vorraum, Bad, Flur und <\/span><span style=\"font-family: 'Arial','sans-serif';\">Wintergarten (die Einrichtung und M\u00f6bel geh\u00f6ren dem derzeiten Mieter). Die Wohnung ist sehr hell und hat einen geseiften Holzdielenboden aus Tanne. <br><\/span><\/p>\n<p><span style=\"font-family: 'Arial','sans-serif';\">Zur gemeinsamen Nutzung gibt es zus\u00e4tzlich eine ganze Reihe von Gemeinschaftr\u00e4umen, u.a. auch eine Holzwerkstatt und Waschk\u00fcche. Ein weiteres Atelierzimmer im Keller (evtl. B\u00fcro oder Bastelraum mit Fenstern) k\u00f6nnte dazugemietet werden. <br><\/span><\/p>\t\t\t\t\t\t\t\t<\/div>\n\t\t\t\t<\/div>\n\t\t\t\t\t<\/div>\n\t\t<\/div>\n\t\t\t\t\t<\/div>\n\t\t<\/section>\n\t\t\t\t<section class=\"elementor-section elementor-top-section elementor-element elementor-element-29003ce elementor-section-boxed elementor-section-height-default elementor-section-height-default\" data-id=\"29003ce\" data-element_type=\"section\" data-e-type=\"section\">\n\t\t\t\t\t\t<div class=\"elementor-container elementor-column-gap-default\">\n\t\t\t\t\t<div class=\"elementor-column elementor-col-50 elementor-top-column elementor-element elementor-element-5b5f9cf\" data-id=\"5b5f9cf\" data-element_type=\"column\" data-e-type=\"column\">\n\t\t\t<div class=\"elementor-widget-wrap elementor-element-populated\">\n\t\t\t\t\t\t<div class=\"elementor-element elementor-element-24bdf8e elementor-widget elementor-widget-image\" data-id=\"24bdf8e\" data-element_type=\"widget\" data-e-type=\"widget\" data-widget_type=\"image.default\">\n\t\t\t\t<div class=\"elementor-widget-container\">\n\t\t\t\t\t\t\t\t\t\t\t\t\t\t\t<img fetchpriority=\"high\" decoding=\"async\" width=\"768\" height=\"1024\" src=\"https:\/\/www.wohngenossenschaft-erzenberg.ch\/wp-content\/uploads\/2020\/11\/Haus-Sommer-08-014-768x1024.jpg\" class=\"attachment-large size-large wp-image-82\" alt=\"\" srcset=\"https:\/\/www.wohngenossenschaft-erzenberg.ch\/wp-content\/uploads\/2020\/11\/Haus-Sommer-08-014-768x1024.jpg 768w, https:\/\/www.wohngenossenschaft-erzenberg.ch\/wp-content\/uploads\/2020\/11\/Haus-Sommer-08-014-225x300.jpg 225w, https:\/\/www.wohngenossenschaft-erzenberg.ch\/wp-content\/uploads\/2020\/11\/Haus-Sommer-08-014-1152x1536.jpg 1152w, https:\/\/www.wohngenossenschaft-erzenberg.ch\/wp-content\/uploads\/2020\/11\/Haus-Sommer-08-014.jpg 1536w\" sizes=\"(max-width: 768px) 100vw, 768px\" \/>\t\t\t\t\t\t\t\t\t\t\t\t\t\t\t<\/div>\n\t\t\t\t<\/div>\n\t\t\t\t<div class=\"elementor-element elementor-element-3359b6a elementor-widget elementor-widget-text-editor\" data-id=\"3359b6a\" data-element_type=\"widget\" data-e-type=\"widget\" data-widget_type=\"text-editor.default\">\n\t\t\t\t<div class=\"elementor-widget-container\">\n\t\t\t\t\t\t\t\t\t<p>Der Sitzplatz der Wohnung im Erdgeschoss mit Wintergarten im Hintergrund.<\/p>\t\t\t\t\t\t\t\t<\/div>\n\t\t\t\t<\/div>\n\t\t\t\t\t<\/div>\n\t\t<\/div>\n\t\t\t\t<div class=\"elementor-column elementor-col-50 elementor-top-column elementor-element elementor-element-c00f9e0\" data-id=\"c00f9e0\" data-element_type=\"column\" data-e-type=\"column\">\n\t\t\t<div class=\"elementor-widget-wrap elementor-element-populated\">\n\t\t\t\t\t\t<div class=\"elementor-element elementor-element-6a8dad1 elementor-widget elementor-widget-image\" data-id=\"6a8dad1\" data-element_type=\"widget\" data-e-type=\"widget\" data-widget_type=\"image.default\">\n\t\t\t\t<div class=\"elementor-widget-container\">\n\t\t\t\t\t\t\t\t\t\t\t\t<figure class=\"wp-caption\">\n\t\t\t\t\t\t\t\t\t\t<img decoding=\"async\" width=\"800\" height=\"450\" src=\"https:\/\/www.wohngenossenschaft-erzenberg.ch\/wp-content\/uploads\/2020\/11\/Zimmer-EG.jpg\" class=\"attachment-large size-large wp-image-81\" alt=\"\" srcset=\"https:\/\/www.wohngenossenschaft-erzenberg.ch\/wp-content\/uploads\/2020\/11\/Zimmer-EG.jpg 800w, https:\/\/www.wohngenossenschaft-erzenberg.ch\/wp-content\/uploads\/2020\/11\/Zimmer-EG-300x169.jpg 300w, https:\/\/www.wohngenossenschaft-erzenberg.ch\/wp-content\/uploads\/2020\/11\/Zimmer-EG-768x432.jpg 768w\" sizes=\"(max-width: 800px) 100vw, 800px\" \/>\t\t\t\t\t\t\t\t\t\t\t<figcaption class=\"widget-image-caption wp-caption-text\">Zimmer S\u00fcdwest <\/figcaption>\n\t\t\t\t\t\t\t\t\t\t<\/figure>\n\t\t\t\t\t\t\t\t\t<\/div>\n\t\t\t\t<\/div>\n\t\t\t\t<div class=\"elementor-element elementor-element-cbc00e5 elementor-widget elementor-widget-image\" data-id=\"cbc00e5\" data-element_type=\"widget\" data-e-type=\"widget\" data-widget_type=\"image.default\">\n\t\t\t\t<div class=\"elementor-widget-container\">\n\t\t\t\t\t\t\t\t\t\t\t\t<figure class=\"wp-caption\">\n\t\t\t\t\t\t\t\t\t\t<img decoding=\"async\" width=\"800\" height=\"450\" src=\"https:\/\/www.wohngenossenschaft-erzenberg.ch\/wp-content\/uploads\/2020\/11\/Wohnzimmer-EG.jpg\" class=\"attachment-large size-large wp-image-80\" alt=\"\" srcset=\"https:\/\/www.wohngenossenschaft-erzenberg.ch\/wp-content\/uploads\/2020\/11\/Wohnzimmer-EG.jpg 800w, https:\/\/www.wohngenossenschaft-erzenberg.ch\/wp-content\/uploads\/2020\/11\/Wohnzimmer-EG-300x169.jpg 300w, https:\/\/www.wohngenossenschaft-erzenberg.ch\/wp-content\/uploads\/2020\/11\/Wohnzimmer-EG-768x432.jpg 768w\" sizes=\"(max-width: 800px) 100vw, 800px\" \/>\t\t\t\t\t\t\t\t\t\t\t<figcaption class=\"widget-image-caption wp-caption-text\">Wohnzimmer mit K\u00fcche<\/figcaption>\n\t\t\t\t\t\t\t\t\t\t<\/figure>\n\t\t\t\t\t\t\t\t\t<\/div>\n\t\t\t\t<\/div>\n\t\t\t\t\t<\/div>\n\t\t<\/div>\n\t\t\t\t\t<\/div>\n\t\t<\/section>\n\t\t\t\t<section class=\"elementor-section elementor-top-section elementor-element elementor-element-ee06639 elementor-section-boxed elementor-section-height-default elementor-section-height-default\" data-id=\"ee06639\" data-element_type=\"section\" data-e-type=\"section\">\n\t\t\t\t\t\t<div class=\"elementor-container elementor-column-gap-default\">\n\t\t\t\t\t<div class=\"elementor-column elementor-col-50 elementor-top-column elementor-element elementor-element-cbf99ca\" data-id=\"cbf99ca\" data-element_type=\"column\" data-e-type=\"column\">\n\t\t\t<div class=\"elementor-widget-wrap elementor-element-populated\">\n\t\t\t\t\t\t<div class=\"elementor-element elementor-element-86921b1 elementor-widget elementor-widget-text-editor\" data-id=\"86921b1\" data-element_type=\"widget\" data-e-type=\"widget\" data-widget_type=\"text-editor.default\">\n\t\t\t\t<div class=\"elementor-widget-container\">\n\t\t\t\t\t\t\t\t\t<p><span style=\"font-family: 'Arial','sans-serif';\">Grundriss:<\/span><\/p><p><span style=\"font-family: 'Arial','sans-serif';\">Die Darstellung auf der Skizze rechts entspricht nicht 100%-ig der heutigen Aufteilung der einzelnen Zimmer. <br \/><\/span><\/p>\t\t\t\t\t\t\t\t<\/div>\n\t\t\t\t<\/div>\n\t\t\t\t\t<\/div>\n\t\t<\/div>\n\t\t\t\t<div class=\"elementor-column elementor-col-50 elementor-top-column elementor-element elementor-element-6b4ea7f\" data-id=\"6b4ea7f\" data-element_type=\"column\" data-e-type=\"column\">\n\t\t\t<div class=\"elementor-widget-wrap elementor-element-populated\">\n\t\t\t\t\t\t<div class=\"elementor-element elementor-element-bacab29 elementor-widget elementor-widget-image\" data-id=\"bacab29\" data-element_type=\"widget\" data-e-type=\"widget\" data-widget_type=\"image.default\">\n\t\t\t\t<div class=\"elementor-widget-container\">\n\t\t\t\t\t\t\t\t\t\t\t\t\t\t\t<img loading=\"lazy\" decoding=\"async\" width=\"843\" height=\"1024\" src=\"https:\/\/www.wohngenossenschaft-erzenberg.ch\/wp-content\/uploads\/2020\/11\/Grundriss_EG-843x1024.jpg\" class=\"attachment-large size-large wp-image-83\" alt=\"\" srcset=\"https:\/\/www.wohngenossenschaft-erzenberg.ch\/wp-content\/uploads\/2020\/11\/Grundriss_EG-843x1024.jpg 843w, https:\/\/www.wohngenossenschaft-erzenberg.ch\/wp-content\/uploads\/2020\/11\/Grundriss_EG-247x300.jpg 247w, https:\/\/www.wohngenossenschaft-erzenberg.ch\/wp-content\/uploads\/2020\/11\/Grundriss_EG-768x933.jpg 768w, https:\/\/www.wohngenossenschaft-erzenberg.ch\/wp-content\/uploads\/2020\/11\/Grundriss_EG.jpg 855w\" sizes=\"(max-width: 843px) 100vw, 843px\" \/>\t\t\t\t\t\t\t\t\t\t\t\t\t\t\t<\/div>\n\t\t\t\t<\/div>\n\t\t\t\t\t<\/div>\n\t\t<\/div>\n\t\t\t\t\t<\/div>\n\t\t<\/section>\n\t\t\t\t<section class=\"elementor-section elementor-top-section elementor-element elementor-element-7d296ca elementor-section-boxed elementor-section-height-default elementor-section-height-default\" data-id=\"7d296ca\" data-element_type=\"section\" data-e-type=\"section\">\n\t\t\t\t\t\t<div class=\"elementor-container elementor-column-gap-default\">\n\t\t\t\t\t<div class=\"elementor-column elementor-col-100 elementor-top-column elementor-element elementor-element-c737a06\" data-id=\"c737a06\" data-element_type=\"column\" data-e-type=\"column\">\n\t\t\t<div class=\"elementor-widget-wrap\">\n\t\t\t\t\t\t\t<\/div>\n\t\t<\/div>\n\t\t\t\t\t<\/div>\n\t\t<\/section>\n\t\t\t\t<\/div>\n\t\t","protected":false},"excerpt":{"rendered":"<p>Freiwerdende Wohnung (voraussichtlich zum 01. Aug 2022) Die Wohnung befindet sich im Erdgeschoss, weist ca. 104 qm Wohnfl\u00e4che (brutto) auf und hat einen 12 qm grossen Wintergarten sowie einen eigenen Sitzplatz zur S\u00fcdseite hin. Die folgenden Fotos zeigen die Wohnung im heutigen Zustand mit 3 recht grossen und einem sehr kleinen Zimmer, grosses Wohnzimmer mit [&hellip;]<\/p>\n","protected":false},"author":1,"featured_media":0,"parent":0,"menu_order":0,"comment_status":"closed","ping_status":"closed","template":"","meta":{"ocean_post_layout":"full-screen","ocean_both_sidebars_style":"","ocean_both_sidebars_content_width":0,"ocean_both_sidebars_sidebars_width":0,"ocean_sidebar":"0","ocean_second_sidebar":"0","ocean_disable_margins":"enable","ocean_add_body_class":"","ocean_shortcode_before_top_bar":"","ocean_shortcode_after_top_bar":"","ocean_shortcode_before_header":"","ocean_shortcode_after_header":"","ocean_has_shortcode":"","ocean_shortcode_after_title":"","ocean_shortcode_before_footer_widgets":"","ocean_shortcode_after_footer_widgets":"","ocean_shortcode_before_footer_bottom":"","ocean_shortcode_after_footer_bottom":"","ocean_display_top_bar":"on","ocean_display_header":"on","ocean_header_style":"","ocean_center_header_left_menu":"0","ocean_custom_header_template":"0","ocean_custom_logo":0,"ocean_custom_retina_logo":0,"ocean_custom_logo_max_width":0,"ocean_custom_logo_tablet_max_width":0,"ocean_custom_logo_mobile_max_width":0,"ocean_custom_logo_max_height":0,"ocean_custom_logo_tablet_max_height":0,"ocean_custom_logo_mobile_max_height":0,"ocean_header_custom_menu":"0","ocean_menu_typo_font_family":"0","ocean_menu_typo_font_subset":"","ocean_menu_typo_font_size":0,"ocean_menu_typo_font_size_tablet":0,"ocean_menu_typo_font_size_mobile":0,"ocean_menu_typo_font_size_unit":"px","ocean_menu_typo_font_weight":"","ocean_menu_typo_font_weight_tablet":"","ocean_menu_typo_font_weight_mobile":"","ocean_menu_typo_transform":"","ocean_menu_typo_transform_tablet":"","ocean_menu_typo_transform_mobile":"","ocean_menu_typo_line_height":0,"ocean_menu_typo_line_height_tablet":0,"ocean_menu_typo_line_height_mobile":0,"ocean_menu_typo_line_height_unit":"","ocean_menu_typo_spacing":0,"ocean_menu_typo_spacing_tablet":0,"ocean_menu_typo_spacing_mobile":0,"ocean_menu_typo_spacing_unit":"","ocean_menu_link_color":"","ocean_menu_link_color_hover":"","ocean_menu_link_color_active":"","ocean_menu_link_background":"","ocean_menu_link_hover_background":"","ocean_menu_link_active_background":"","ocean_menu_social_links_bg":"","ocean_menu_social_hover_links_bg":"","ocean_menu_social_links_color":"","ocean_menu_social_hover_links_color":"","ocean_disable_title":"on","ocean_disable_heading":"default","ocean_post_title":"","ocean_post_subheading":"","ocean_post_title_style":"","ocean_post_title_background_color":"","ocean_post_title_background":0,"ocean_post_title_bg_image_position":"","ocean_post_title_bg_image_attachment":"","ocean_post_title_bg_image_repeat":"","ocean_post_title_bg_image_size":"","ocean_post_title_height":0,"ocean_post_title_bg_overlay":0.5,"ocean_post_title_bg_overlay_color":"","ocean_disable_breadcrumbs":"default","ocean_breadcrumbs_color":"","ocean_breadcrumbs_separator_color":"","ocean_breadcrumbs_links_color":"","ocean_breadcrumbs_links_hover_color":"","ocean_display_footer_widgets":"on","ocean_display_footer_bottom":"on","ocean_custom_footer_template":"0","footnotes":""},"class_list":["post-54","page","type-page","status-publish","hentry","entry"],"_links":{"self":[{"href":"https:\/\/www.wohngenossenschaft-erzenberg.ch\/index.php\/wp-json\/wp\/v2\/pages\/54","targetHints":{"allow":["GET"]}}],"collection":[{"href":"https:\/\/www.wohngenossenschaft-erzenberg.ch\/index.php\/wp-json\/wp\/v2\/pages"}],"about":[{"href":"https:\/\/www.wohngenossenschaft-erzenberg.ch\/index.php\/wp-json\/wp\/v2\/types\/page"}],"author":[{"embeddable":true,"href":"https:\/\/www.wohngenossenschaft-erzenberg.ch\/index.php\/wp-json\/wp\/v2\/users\/1"}],"replies":[{"embeddable":true,"href":"https:\/\/www.wohngenossenschaft-erzenberg.ch\/index.php\/wp-json\/wp\/v2\/comments?post=54"}],"version-history":[{"count":28,"href":"https:\/\/www.wohngenossenschaft-erzenberg.ch\/index.php\/wp-json\/wp\/v2\/pages\/54\/revisions"}],"predecessor-version":[{"id":361,"href":"https:\/\/www.wohngenossenschaft-erzenberg.ch\/index.php\/wp-json\/wp\/v2\/pages\/54\/revisions\/361"}],"wp:attachment":[{"href":"https:\/\/www.wohngenossenschaft-erzenberg.ch\/index.php\/wp-json\/wp\/v2\/media?parent=54"}],"curies":[{"name":"wp","href":"https:\/\/api.w.org\/{rel}","templated":true}]}}